{"id":1384,"date":"2018-07-27T06:49:08","date_gmt":"2018-07-27T06:49:08","guid":{"rendered":"https:\/\/demo.ovatheme.com\/ireca\/?page_id=1384"},"modified":"2023-05-04T19:47:22","modified_gmt":"2023-05-04T19:47:22","slug":"o-nama","status":"publish","type":"page","link":"https:\/\/intercar.ba\/en\/o-nama\/","title":{"rendered":"About us"},"content":{"rendered":"\t\t<div data-elementor-type=\"wp-post\" data-elementor-id=\"1384\" class=\"elementor elementor-1384\" data-elementor-post-type=\"page\">\n\t\t\t\t\t\t<section class=\"elementor-section elementor-top-section elementor-element elementor-element-4006727 elementor-section-stretched elementor-section-boxed elementor-section-height-default elementor-section-height-default\" data-id=\"4006727\" data-element_type=\"section\" data-e-type=\"section\" data-settings=\"{&quot;background_background&quot;:&quot;classic&quot;,&quot;background_motion_fx_motion_fx_scrolling&quot;:&quot;yes&quot;,&quot;background_motion_fx_range&quot;:&quot;viewport&quot;,&quot;shape_divider_top&quot;:&quot;opacity-tilt&quot;,&quot;stretch_section&quot;:&quot;section-stretched&quot;,&quot;background_motion_fx_devices&quot;:[&quot;desktop&quot;,&quot;tablet&quot;,&quot;mobile&quot;]}\">\n\t\t\t\t\t<div class=\"elementor-shape elementor-shape-top\" aria-hidden=\"true\" data-negative=\"false\">\n\t\t\t<svg xmlns=\"http:\/\/www.w3.org\/2000\/svg\" viewBox=\"0 0 2600 131.1\" preserveAspectRatio=\"none\">\n\t<path class=\"elementor-shape-fill\" d=\"M0 0L2600 0 2600 69.1 0 0z\"\/>\n\t<path class=\"elementor-shape-fill\" style=\"opacity:0.5\" d=\"M0 0L2600 0 2600 69.1 0 69.1z\"\/>\n\t<path class=\"elementor-shape-fill\" style=\"opacity:0.25\" d=\"M2600 0L0 0 0 130.1 2600 69.1z\"\/>\n<\/svg>\t\t<\/div>\n\t\t\t\t\t<div class=\"elementor-container elementor-column-gap-default\">\n\t\t\t\t\t<div class=\"elementor-column elementor-col-50 elementor-top-column elementor-element elementor-element-26f3a91\" data-id=\"26f3a91\" data-element_type=\"column\" data-e-type=\"column\">\n\t\t\t<div class=\"elementor-widget-wrap elementor-element-populated\">\n\t\t\t\t\t\t<section class=\"elementor-section elementor-inner-section elementor-element elementor-element-179330e elementor-section-boxed elementor-section-height-default elementor-section-height-default\" data-id=\"179330e\" data-element_type=\"section\" data-e-type=\"section\">\n\t\t\t\t\t\t<div class=\"elementor-container elementor-column-gap-default\">\n\t\t\t\t\t<div class=\"elementor-column elementor-col-50 elementor-inner-column elementor-element elementor-element-4b003cf\" data-id=\"4b003cf\" data-element_type=\"column\" data-e-type=\"column\">\n\t\t\t<div class=\"elementor-widget-wrap elementor-element-populated\">\n\t\t\t\t\t\t<div class=\"elementor-element elementor-element-bc4e53c elementor-widget elementor-widget-ovacrs_heading2\" data-id=\"bc4e53c\" data-element_type=\"widget\" data-e-type=\"widget\" data-widget_type=\"ovacrs_heading2.default\">\n\t\t\t\t<div class=\"elementor-widget-container\">\n\t\t\t\t\t<div class=\"ovacrs_heading2 style2\"><h3 class=\"title\">O nama<span><i class=\"far fa-question-circle\"><\/i><\/span><\/h3><div class=\"desc\"><\/div><\/div>\t\t\t\t<\/div>\n\t\t\t\t<\/div>\n\t\t\t\t\t<\/div>\n\t\t<\/div>\n\t\t\t\t<div class=\"elementor-column elementor-col-50 elementor-inner-column elementor-element elementor-element-27bc7da\" data-id=\"27bc7da\" data-element_type=\"column\" data-e-type=\"column\">\n\t\t\t<div class=\"elementor-widget-wrap elementor-element-populated\">\n\t\t\t\t\t\t<div class=\"elementor-element elementor-element-d180509 elementor-hidden-tablet elementor-hidden-phone elementor-widget elementor-widget-image\" data-id=\"d180509\" data-element_type=\"widget\" data-e-type=\"widget\" data-widget_type=\"image.default\">\n\t\t\t\t<div class=\"elementor-widget-container\">\n\t\t\t\t\t\t\t\t\t\t\t\t\t\t\t<img decoding=\"async\" width=\"624\" height=\"15\" src=\"https:\/\/intercar.ba\/wp-content\/uploads\/2018\/06\/bg_why_bottom.png\" class=\"attachment-large size-large wp-image-292\" alt=\"\" srcset=\"https:\/\/intercar.ba\/wp-content\/uploads\/2018\/06\/bg_why_bottom.png 624w, https:\/\/intercar.ba\/wp-content\/uploads\/2018\/06\/bg_why_bottom-600x14.png 600w, https:\/\/intercar.ba\/wp-content\/uploads\/2018\/06\/bg_why_bottom-300x7.png 300w, https:\/\/intercar.ba\/wp-content\/uploads\/2018\/06\/bg_why_bottom-350x8.png 350w\" sizes=\"(max-width: 624px) 100vw, 624px\" \/>\t\t\t\t\t\t\t\t\t\t\t\t\t\t\t<\/div>\n\t\t\t\t<\/div>\n\t\t\t\t\t<\/div>\n\t\t<\/div>\n\t\t\t\t\t<\/div>\n\t\t<\/section>\n\t\t\t\t<div class=\"elementor-element elementor-element-15d301c elementor-widget elementor-widget-ovacrs_text_support\" data-id=\"15d301c\" data-element_type=\"widget\" data-e-type=\"widget\" data-widget_type=\"ovacrs_text_support.default\">\n\t\t\t\t<div class=\"elementor-widget-container\">\n\t\t\t\t\t<div class=\"ovacrs_support  dark\"><div class=\"desc\"><p><strong>INTERCAR Rent a Car Tuzla je sastavni dio kompanije INTER AUTO d.o.o. na poslovima<\/strong> <strong>iznajmljivanja motornih vozila sa sjedistem u Tuzli i pozicionirana je u samom vrhu bosansko-hercegova\u010dkog tr\u017ei\u0161ta od 2001. godine.<\/strong><\/p><p><strong>Na\u0161a flota broji oko 150 novih modela vozila iz grupe Audi, Opel, Toyota i \u0160koda.<\/strong><\/p><p><strong>Sva na\u0161a vozila su kasko osigurana, a za svako iznajmljeno vozilo posjedujemo zamjensko, te imamo vlastitu podr\u0161ku ovla\u0161tenih servisa iznajmljenih modela.<\/strong><\/p><p><strong>Od na\u0161ih Rent a Car usluga izdvajamo dostavu i preuzimanje vozila u regionu i \u0161ire na dogovorenim lokacijama kao \u0161to su aerodromi, autobuske stanice, adrese i dr.<\/strong><\/p><p><strong>Na raspolaganju smo Vam 24 sata dnevno svih 365 dana u godini pri \u010demu Vam garantujemo vrhunski servis i kompletnu tehni\u010dku podr\u0161ku jer na\u0161a misija je zadovoljstvo klijenta cijenom, vozilom i uslugom.<\/strong><\/p><\/div><span class=\"line\"><\/span><\/div>\t\t\t\t<\/div>\n\t\t\t\t<\/div>\n\t\t\t\t\t<\/div>\n\t\t<\/div>\n\t\t\t\t<div class=\"elementor-column elementor-col-50 elementor-top-column elementor-element elementor-element-f34b286\" data-id=\"f34b286\" data-element_type=\"column\" data-e-type=\"column\">\n\t\t\t<div class=\"elementor-widget-wrap elementor-element-populated\">\n\t\t\t\t\t\t<div class=\"elementor-element elementor-element-4a6d455 elementor-widget elementor-widget-image\" data-id=\"4a6d455\" data-element_type=\"widget\" data-e-type=\"widget\" data-widget_type=\"image.default\">\n\t\t\t\t<div class=\"elementor-widget-container\">\n\t\t\t\t\t\t\t\t\t\t\t\t\t\t\t<img fetchpriority=\"high\" decoding=\"async\" width=\"768\" height=\"521\" src=\"https:\/\/intercar.ba\/wp-content\/uploads\/2023\/05\/o-nama-768x521.png\" class=\"attachment-medium_large size-medium_large wp-image-3586\" alt=\"\" srcset=\"https:\/\/intercar.ba\/wp-content\/uploads\/2023\/05\/o-nama-768x521.png 768w, https:\/\/intercar.ba\/wp-content\/uploads\/2023\/05\/o-nama-300x204.png 300w, https:\/\/intercar.ba\/wp-content\/uploads\/2023\/05\/o-nama-350x238.png 350w, https:\/\/intercar.ba\/wp-content\/uploads\/2023\/05\/o-nama-600x407.png 600w, https:\/\/intercar.ba\/wp-content\/uploads\/2023\/05\/o-nama.png 800w\" sizes=\"(max-width: 768px) 100vw, 768px\" \/>\t\t\t\t\t\t\t\t\t\t\t\t\t\t\t<\/div>\n\t\t\t\t<\/div>\n\t\t\t\t<div class=\"elementor-element elementor-element-b42a701 elementor-widget elementor-widget-ovacrs_btn_action\" data-id=\"b42a701\" data-element_type=\"widget\" data-e-type=\"widget\" data-widget_type=\"ovacrs_btn_action.default\">\n\t\t\t\t<div class=\"elementor-widget-container\">\n\t\t\t\t\t<div class=\"ovacrs_btn_action telefon-i-broj white border_left\"><h3 class=\"title\">Pozovite nas<\/h3><div class=\"desc\"> +387 35 264 264<\/div><a class=\"ireca_btn btn_tran\" href=\"https:\/\/intercar.ba\/vozila\/\" target=\"_blank\">Pregledajte ponudu vozila<\/a><\/div>\t\t\t\t<\/div>\n\t\t\t\t<\/div>\n\t\t\t\t\t<\/div>\n\t\t<\/div>\n\t\t\t\t\t<\/div>\n\t\t<\/section>\n\t\t\t\t<\/div>\n\t\t","protected":false},"excerpt":{"rendered":"<p>O nama INTERCAR Rent a Car Tuzla je sastavni dio kompanije INTER AUTO d.o.o. na poslovima iznajmljivanja motornih vozila sa sjedistem u Tuzli i pozicionirana je u samom vrhu bosansko-hercegova\u010dkog tr\u017ei\u0161ta od 2001. godine. Na\u0161a flota broji oko 150 novih modela vozila iz grupe Audi, Opel, Toyota i \u0160koda. Sva na\u0161a vozila su kasko osigurana, [&hellip;]<\/p>\n","protected":false},"author":1,"featured_media":0,"parent":0,"menu_order":0,"comment_status":"closed","ping_status":"closed","template":"templates\/home.php","meta":{"_acf_changed":false,"footnotes":""},"class_list":["post-1384","page","type-page","status-publish","hentry"],"acf":[],"yoast_head":"<!-- This site is optimized with the Yoast SEO plugin v27.5 - https:\/\/yoast.com\/product\/yoast-seo-wordpress\/ -->\n<title>O nama - Intercar Tuzla - Car Rental<\/title>\n<meta name=\"robots\" content=\"index, follow, max-snippet:-1, max-image-preview:large, max-video-preview:-1\" \/>\n<link rel=\"canonical\" href=\"https:\/\/intercar.ba\/en\/o-nama\/\" \/>\n<meta property=\"og:locale\" content=\"en_US\" \/>\n<meta property=\"og:type\" content=\"article\" \/>\n<meta property=\"og:title\" content=\"O nama - Intercar Tuzla - Car Rental\" \/>\n<meta property=\"og:description\" content=\"O nama INTERCAR Rent a Car Tuzla je sastavni dio kompanije INTER AUTO d.o.o. na poslovima iznajmljivanja motornih vozila sa sjedistem u Tuzli i pozicionirana je u samom vrhu bosansko-hercegova\u010dkog tr\u017ei\u0161ta od 2001. godine. Na\u0161a flota broji oko 150 novih modela vozila iz grupe Audi, Opel, Toyota i \u0160koda. Sva na\u0161a vozila su kasko osigurana, [&hellip;]\" \/>\n<meta property=\"og:url\" content=\"https:\/\/intercar.ba\/en\/o-nama\/\" \/>\n<meta property=\"og:site_name\" content=\"Intercar Tuzla - Car Rental\" \/>\n<meta property=\"article:publisher\" content=\"https:\/\/www.facebook.com\/profile.php?id=100063628207134\" \/>\n<meta property=\"article:modified_time\" content=\"2023-05-04T19:47:22+00:00\" \/>\n<meta property=\"og:image\" content=\"https:\/\/intercar.ba\/wp-content\/uploads\/2018\/06\/bg_why_bottom.png\" \/>\n<meta name=\"twitter:card\" content=\"summary_large_image\" \/>\n<meta name=\"twitter:label1\" content=\"Est. reading time\" \/>\n\t<meta name=\"twitter:data1\" content=\"1 minute\" \/>\n<script type=\"application\/ld+json\" class=\"yoast-schema-graph\">{\"@context\":\"https:\\\/\\\/schema.org\",\"@graph\":[{\"@type\":\"WebPage\",\"@id\":\"https:\\\/\\\/intercar.ba\\\/o-nama\\\/\",\"url\":\"https:\\\/\\\/intercar.ba\\\/o-nama\\\/\",\"name\":\"O nama - Intercar Tuzla - Car Rental\",\"isPartOf\":{\"@id\":\"https:\\\/\\\/intercar.ba\\\/#website\"},\"primaryImageOfPage\":{\"@id\":\"https:\\\/\\\/intercar.ba\\\/o-nama\\\/#primaryimage\"},\"image\":{\"@id\":\"https:\\\/\\\/intercar.ba\\\/o-nama\\\/#primaryimage\"},\"thumbnailUrl\":\"https:\\\/\\\/intercar.ba\\\/wp-content\\\/uploads\\\/2018\\\/06\\\/bg_why_bottom.png\",\"datePublished\":\"2018-07-27T06:49:08+00:00\",\"dateModified\":\"2023-05-04T19:47:22+00:00\",\"breadcrumb\":{\"@id\":\"https:\\\/\\\/intercar.ba\\\/o-nama\\\/#breadcrumb\"},\"inLanguage\":\"en-US\",\"potentialAction\":[{\"@type\":\"ReadAction\",\"target\":[\"https:\\\/\\\/intercar.ba\\\/o-nama\\\/\"]}]},{\"@type\":\"ImageObject\",\"inLanguage\":\"en-US\",\"@id\":\"https:\\\/\\\/intercar.ba\\\/o-nama\\\/#primaryimage\",\"url\":\"https:\\\/\\\/intercar.ba\\\/wp-content\\\/uploads\\\/2018\\\/06\\\/bg_why_bottom.png\",\"contentUrl\":\"https:\\\/\\\/intercar.ba\\\/wp-content\\\/uploads\\\/2018\\\/06\\\/bg_why_bottom.png\"},{\"@type\":\"BreadcrumbList\",\"@id\":\"https:\\\/\\\/intercar.ba\\\/o-nama\\\/#breadcrumb\",\"itemListElement\":[{\"@type\":\"ListItem\",\"position\":1,\"name\":\"Naslovna\",\"item\":\"https:\\\/\\\/intercar.ba\\\/\"},{\"@type\":\"ListItem\",\"position\":2,\"name\":\"O nama\"}]},{\"@type\":\"WebSite\",\"@id\":\"https:\\\/\\\/intercar.ba\\\/#website\",\"url\":\"https:\\\/\\\/intercar.ba\\\/\",\"name\":\"Intercar Tuzla - Rent a car\",\"description\":\"Kratkoro\u010dno i dugoro\u010dno iznajmljivanje vozila!\",\"publisher\":{\"@id\":\"https:\\\/\\\/intercar.ba\\\/#organization\"},\"potentialAction\":[{\"@type\":\"SearchAction\",\"target\":{\"@type\":\"EntryPoint\",\"urlTemplate\":\"https:\\\/\\\/intercar.ba\\\/?s={search_term_string}\"},\"query-input\":{\"@type\":\"PropertyValueSpecification\",\"valueRequired\":true,\"valueName\":\"search_term_string\"}}],\"inLanguage\":\"en-US\"},{\"@type\":\"Organization\",\"@id\":\"https:\\\/\\\/intercar.ba\\\/#organization\",\"name\":\"Intercar Tuzla - Rent a car\",\"url\":\"https:\\\/\\\/intercar.ba\\\/\",\"logo\":{\"@type\":\"ImageObject\",\"inLanguage\":\"en-US\",\"@id\":\"https:\\\/\\\/intercar.ba\\\/#\\\/schema\\\/logo\\\/image\\\/\",\"url\":\"https:\\\/\\\/intercar.ba\\\/wp-content\\\/uploads\\\/2023\\\/05\\\/favicon.png\",\"contentUrl\":\"https:\\\/\\\/intercar.ba\\\/wp-content\\\/uploads\\\/2023\\\/05\\\/favicon.png\",\"width\":257,\"height\":257,\"caption\":\"Intercar Tuzla - Rent a car\"},\"image\":{\"@id\":\"https:\\\/\\\/intercar.ba\\\/#\\\/schema\\\/logo\\\/image\\\/\"},\"sameAs\":[\"https:\\\/\\\/www.facebook.com\\\/profile.php?id=100063628207134\"]}]}<\/script>\n<!-- \/ Yoast SEO plugin. -->","yoast_head_json":{"title":"About us - Intercar Tuzla - Car Rental","robots":{"index":"index","follow":"follow","max-snippet":"max-snippet:-1","max-image-preview":"max-image-preview:large","max-video-preview":"max-video-preview:-1"},"canonical":"https:\/\/intercar.ba\/en\/o-nama\/","og_locale":"en_US","og_type":"article","og_title":"O nama - Intercar Tuzla - Car Rental","og_description":"O nama INTERCAR Rent a Car Tuzla je sastavni dio kompanije INTER AUTO d.o.o. na poslovima iznajmljivanja motornih vozila sa sjedistem u Tuzli i pozicionirana je u samom vrhu bosansko-hercegova\u010dkog tr\u017ei\u0161ta od 2001. godine. Na\u0161a flota broji oko 150 novih modela vozila iz grupe Audi, Opel, Toyota i \u0160koda. Sva na\u0161a vozila su kasko osigurana, [&hellip;]","og_url":"https:\/\/intercar.ba\/en\/o-nama\/","og_site_name":"Intercar Tuzla - Car Rental","article_publisher":"https:\/\/www.facebook.com\/profile.php?id=100063628207134","article_modified_time":"2023-05-04T19:47:22+00:00","og_image":[{"url":"https:\/\/intercar.ba\/wp-content\/uploads\/2018\/06\/bg_why_bottom.png","type":"","width":"","height":""}],"twitter_card":"summary_large_image","twitter_misc":{"Est. reading time":"1 minute"},"schema":{"@context":"https:\/\/schema.org","@graph":[{"@type":"WebPage","@id":"https:\/\/intercar.ba\/o-nama\/","url":"https:\/\/intercar.ba\/o-nama\/","name":"About us - Intercar Tuzla - Car Rental","isPartOf":{"@id":"https:\/\/intercar.ba\/#website"},"primaryImageOfPage":{"@id":"https:\/\/intercar.ba\/o-nama\/#primaryimage"},"image":{"@id":"https:\/\/intercar.ba\/o-nama\/#primaryimage"},"thumbnailUrl":"https:\/\/intercar.ba\/wp-content\/uploads\/2018\/06\/bg_why_bottom.png","datePublished":"2018-07-27T06:49:08+00:00","dateModified":"2023-05-04T19:47:22+00:00","breadcrumb":{"@id":"https:\/\/intercar.ba\/o-nama\/#breadcrumb"},"inLanguage":"en-US","potentialAction":[{"@type":"ReadAction","target":["https:\/\/intercar.ba\/o-nama\/"]}]},{"@type":"ImageObject","inLanguage":"en-US","@id":"https:\/\/intercar.ba\/o-nama\/#primaryimage","url":"https:\/\/intercar.ba\/wp-content\/uploads\/2018\/06\/bg_why_bottom.png","contentUrl":"https:\/\/intercar.ba\/wp-content\/uploads\/2018\/06\/bg_why_bottom.png"},{"@type":"BreadcrumbList","@id":"https:\/\/intercar.ba\/o-nama\/#breadcrumb","itemListElement":[{"@type":"ListItem","position":1,"name":"Naslovna","item":"https:\/\/intercar.ba\/"},{"@type":"ListItem","position":2,"name":"O nama"}]},{"@type":"WebSite","@id":"https:\/\/intercar.ba\/#website","url":"https:\/\/intercar.ba\/","name":"Intercar Tuzla - Rent a car","description":"Short-term and long-term vehicle rental!","publisher":{"@id":"https:\/\/intercar.ba\/#organization"},"potentialAction":[{"@type":"SearchAction","target":{"@type":"EntryPoint","urlTemplate":"https:\/\/intercar.ba\/?s={search_term_string}"},"query-input":{"@type":"PropertyValueSpecification","valueRequired":true,"valueName":"search_term_string"}}],"inLanguage":"en-US"},{"@type":"Organization","@id":"https:\/\/intercar.ba\/#organization","name":"Intercar Tuzla - Rent a car","url":"https:\/\/intercar.ba\/","logo":{"@type":"ImageObject","inLanguage":"en-US","@id":"https:\/\/intercar.ba\/#\/schema\/logo\/image\/","url":"https:\/\/intercar.ba\/wp-content\/uploads\/2023\/05\/favicon.png","contentUrl":"https:\/\/intercar.ba\/wp-content\/uploads\/2023\/05\/favicon.png","width":257,"height":257,"caption":"Intercar Tuzla - Rent a car"},"image":{"@id":"https:\/\/intercar.ba\/#\/schema\/logo\/image\/"},"sameAs":["https:\/\/www.facebook.com\/profile.php?id=100063628207134"]}]}},"_links":{"self":[{"href":"https:\/\/intercar.ba\/en\/wp-json\/wp\/v2\/pages\/1384","targetHints":{"allow":["GET"]}}],"collection":[{"href":"https:\/\/intercar.ba\/en\/wp-json\/wp\/v2\/pages"}],"about":[{"href":"https:\/\/intercar.ba\/en\/wp-json\/wp\/v2\/types\/page"}],"author":[{"embeddable":true,"href":"https:\/\/intercar.ba\/en\/wp-json\/wp\/v2\/users\/1"}],"replies":[{"embeddable":true,"href":"https:\/\/intercar.ba\/en\/wp-json\/wp\/v2\/comments?post=1384"}],"version-history":[{"count":8,"href":"https:\/\/intercar.ba\/en\/wp-json\/wp\/v2\/pages\/1384\/revisions"}],"predecessor-version":[{"id":3767,"href":"https:\/\/intercar.ba\/en\/wp-json\/wp\/v2\/pages\/1384\/revisions\/3767"}],"wp:attachment":[{"href":"https:\/\/intercar.ba\/en\/wp-json\/wp\/v2\/media?parent=1384"}],"curies":[{"name":"wp","href":"https:\/\/api.w.org\/{rel}","templated":true}]}}